{"id":253,"date":"2021-06-09T13:50:03","date_gmt":"2021-06-09T11:50:03","guid":{"rendered":"http:\/\/la-verriere-arles.com\/?page_id=253"},"modified":"2021-06-09T16:02:56","modified_gmt":"2021-06-09T14:02:56","slug":"reglement-interieur-de-lespace-de-co-working-la-verriere-arles","status":"publish","type":"page","link":"https:\/\/la-verriere-arles.com\/index.php\/reglement-interieur-de-lespace-de-co-working-la-verriere-arles\/","title":{"rendered":"R\u00e8glement int\u00e9rieur"},"content":{"rendered":"[vc_row css=\u00a0\u00bb.vc_custom_1623244986556{background-color: #007580 !important;}\u00a0\u00bb][vc_column][vc_column_text]\r\n<h2 style=\"text-align: center;\"><span style=\"color: #ffcd00;\"><strong>R\u00c8GLEMENT INT\u00c9RIEUR<\/strong><\/span><\/h2>\r\n[\/vc_column_text][\/vc_column][\/vc_row][vc_row css=\u00a0\u00bb.vc_custom_1623244993193{background-color: #007580 !important;}\u00a0\u00bb][vc_column][vc_column_text]\r\n<h4><span style=\"color: #ffffff;\"><strong>ARTICLE 1 : ACCEPTATION PR\u00c9ALABLE<\/strong><\/span><\/h4>\r\n<span style=\"color: #ffffff;\">Le pr\u00e9sent r\u00e8glement d\u00e9finit les modalit\u00e9s selon lesquelles, l\u2019espace de coworking LA VERRI\u00c8RE<span class=\"Apple-converted-space\">\u00a0 <\/span>met \u00e0 disposition des coworkers un espace de travail partag\u00e9 ainsi que des services associ\u00e9s.<\/span>\r\n\r\n<span style=\"color: #ffffff;\">L\u2019acc\u00e8s \u00e0 l\u2019espace de coworking et son usage impliquent l\u2019acceptation pleine et enti\u00e8re du pr\u00e9sent r\u00e8glement. Le r\u00e8glement est modifiable, sans pr\u00e9avis, sur les suggestions des usagers de l\u2019espace.<\/span>\r\n\r\n<span style=\"color: #ffffff;\">Les coworkers devront, apr\u00e8s en avoir pris connaissance, respecter ledit r\u00e8glement dans le cadre de l\u2019exercice de leurs droits et obligations. L\u2019acceptation du r\u00e8glement est mat\u00e9rialis\u00e9e par la signature de l\u2019usager.<\/span>\r\n\r\n<span style=\"color: #ffffff;\">Toute adh\u00e9sion sous r\u00e9serve est consid\u00e9r\u00e9e comme nulle et non avenue. Le coworker qui n\u2019accepte pas d\u2019\u00eatre li\u00e9 par le pr\u00e9sent r\u00e8glement ne peut donc pas utiliser les services.<\/span>\r\n<h4><span style=\"color: #ffffff;\"><strong>ARTICLE 2 : UTILISATION DE L\u2019ESPACE ET DES SERVICES ASSOCI\u00c9S<\/strong><\/span><\/h4>\r\n<span style=\"color: #ffffff;\"><strong>1. ACC\u00c8S A L\u2019ESPACE<\/strong><\/span>\r\n\r\n<span style=\"color: #ffffff;\">L\u2019espace est accessible du lundi au vendredi de 9h \u00e0 18h00. Le dernier coworker doit v\u00e9rifier la fermeture des fen\u00eatres, \u00e9teindre les lumi\u00e8res et la climatisation et doit signaler son d\u00e9part \u00e0 l\u2019accueil au rez-de-chauss\u00e9e \u00e0 LA PREMI\u00c8RE IMPRESSION.<\/span>\r\n\r\n<span style=\"color: #ffffff;\"><strong>2. VISITEURS<\/strong><\/span>\r\n\r\n<span style=\"color: #ffffff;\">Lorsque le coworker accueille un visiteur, il s\u2019engage \u00e0 ce que cela ne perturbe pas le calme ou l\u2019organisation de l\u2019espace. Les visiteurs sont sous l\u2019enti\u00e8re responsabilit\u00e9 du coworker qui les a invit\u00e9s et doivent respecter le pr\u00e9sent R\u00e8glement Int\u00e9rieur.<\/span>\r\n\r\n<span style=\"color: #ffffff;\">Les coworkers qui re\u00e7oivent un ou des visiteurs dans l\u2019espace sont responsables de leur comportement et agissements.<\/span>\r\n\r\n<span style=\"color: #ffffff;\"><strong>3. R\u00c9SERVATION ET UTILISATION DES SALLES DE R\u00c9UNION<\/strong><\/span>\r\n\r\n<span style=\"color: #ffffff;\">La salle de r\u00e9union doit rester une salle disponible et ne peut \u00eatre utilis\u00e9e comme un espace privatif de mani\u00e8re prolong\u00e9e. Elle peut \u00eatre utilis\u00e9e par les coworkers pour des utilisations ponctuelles si elle est disponible ; pour une utilisation plus r\u00e9guli\u00e8re ou plus longue, elle peut \u00eatre r\u00e9serv\u00e9e sous la forme d\u2019un service additionnel (sous r\u00e9serve de disponibilit\u00e9).<\/span>\r\n\r\n<span style=\"color: #ffffff;\"><strong>4. S\u00c9CURIT\u00c9<\/strong><\/span>\r\n\r\n<span style=\"color: #ffffff;\">L\u2019acc\u00e8s au coworking est libre aux horaires d\u2019ouverture \u00e9tablis (9h-18h00).<\/span>\r\n\r\n<span style=\"color: #ffffff;\">Afin de garantir la s\u00e9curit\u00e9 de tous les occupants du lieu et du mat\u00e9riel pr\u00e9sent \u00e0 l\u2019int\u00e9rieur, le dernier coworker \u00e0 quitter les lieux (m\u00eame temporairement, pendant la pause d\u00e9jeuner par exemple) doit signaler son d\u00e9part \u00e0 l\u2019accueil afin que l\u2019on puisse fermer les bureaux.<\/span>\r\n\r\n<span style=\"color: #ffffff;\">L\u2019espace de Coworking est ferm\u00e9 tous les soirs \u00e0 18h par double serrure et s\u00e9curis\u00e9 par un syst\u00e8me d\u2019alarme.<\/span>\r\n\r\n<span style=\"color: #ffffff;\"><strong>5. CASIERS DE RANGEMENTS<\/strong><\/span>\r\n\r\n<span style=\"color: #ffffff;\">Des rangements sont mis \u00e0 disposition des coworkers pour leur permettre de d\u00e9sencombrer l\u2019espace de travail durant la journ\u00e9e. Ils n\u2019ont pas pour vocation de servir de stockage \u00e0 long terme (sauf mention contraire incluse au contrat). D\u2019autre part, les objets qui sont d\u00e9pos\u00e9s dans ces casiers ou laiss\u00e9s ailleurs dans les locaux du Coworking, le sont aux risques et p\u00e9rils de leur propri\u00e9taire.<\/span>\r\n\r\n<span style=\"color: #ffffff;\"><strong>6. INTERNET<\/strong><\/span>\r\n\r\n<span style=\"color: #ffffff;\">Les coworkers pourront utiliser Internet en 4G via un code wifi (fourni \u00e0 leur arriv\u00e9e).<\/span>\r\n\r\n<span style=\"color: #ffffff;\">L\u2019utilisation de la connexion est comprise dans l\u2019abonnement et est illimit\u00e9. Cependant, elle est soumise \u00e0 l\u2019acceptation des r\u00e8gles et lois en vigueur. L\u2019utilisation ne doit pas user de la connexion \u00e0 des fins ill\u00e9gales telles que : t\u00e9l\u00e9chargement de fichiers ill\u00e9gaux, mise en ligne de contenus et d\u2019information ill\u00e9gaux, images, messages, vid\u00e9os ayant un caract\u00e8re violent, raciste, d\u2019incitation \u00e0 la violence ou \u00e0 la haine, d\u00e9gradant, pornographique ou p\u00e9dophilique, et\/ou portant atteinte \u00e0 l\u2019int\u00e9grit\u00e9 des utilisateurs. Il s\u2019engage \u00e9galement \u00e0 respecter la l\u00e9gislation sur les donn\u00e9es personnelles et les traitements automatis\u00e9s d\u2019informations ainsi que la l\u00e9gislation et les textes relatifs aux droits d\u2019auteur, marque, brevets, \u00e0 la propri\u00e9t\u00e9 intellectuelle. Il s\u2019interdit toute reproduction ou usage en violation de ces l\u00e9gislations. Dans le cadre de l\u2019utilisation de service internet, il est interdit de r\u00e9colter toutes informations de tiers sans leur consentement, de diffamer ou menacer une personne, de tenter d\u2019obtenir un acc\u00e8s non autoris\u00e9 \u00e0 un service ou un fichier, de diffuser des \u00e9l\u00e9ments prot\u00e9g\u00e9s par la propri\u00e9t\u00e9 intellectuelle sans avoir les autorisations requises, d\u2019adresser tout courrier quelle que soit sa forme comprenant des propos mena\u00e7ants, injurieux, diffamatoires ou illicites, de transmettre un virus ou tout autre programme nuisible aux tiers.<\/span>\r\n\r\n<span style=\"color: #ffffff;\">L\u2019utilisateur doit v\u00e9rifier qu\u2019il dispose des \u00e9quipements mat\u00e9riels, logiciels, navigateurs et anti-virus lui permettant d\u2019utiliser pleinement ce service. Il est seul responsable de la s\u00e9curit\u00e9 de ces \u00e9quipements, LA VERRI\u00c8RE ne peut \u00eatre tenu responsable en cas de pr\u00e9judices directs et\/ou indirects subis du fait de l\u2019utilisation de l\u2019acc\u00e8s internet.<\/span>\r\n\r\n<span style=\"color: #ffffff;\">LA VERRI\u00c8RE pourra suspendre temporairement ou d\u00e9finitivement le service de connexion internet ou l\u2019acc\u00e8s aux locaux en cas de non respect de ces r\u00e8gles sans que l\u2019utilisateur ne puisse pr\u00e9tendre \u00e0une indemnisation ou r\u00e9paration.<\/span>\r\n\r\n<span style=\"color: #ffffff;\">Les coworkers s\u2019engagent \u00e0 ne pas utiliser le r\u00e9seau mis \u00e0 disposition pour exercer une activit\u00e9 illicite et \u00e0 ne pas exploiter la bande passante d\u2019une mani\u00e8re qui pourrait nuire \u00e0 l\u2019activit\u00e9 des autres coworkers.<\/span>\r\n\r\n<span style=\"color: #ffffff;\"><strong>7. IMPRIMANTE<\/strong><\/span>\r\n\r\n<span style=\"color: #ffffff;\">Pour les coworkers, l\u2019utilisation de l\u2019imprimante est incluse dans l\u2019abonnement. Il leur est demand\u00e9 d\u2019en faire un usage\u00a0mod\u00e9r\u00e9, dans une perspective \u00e9coresponsable.<\/span>\r\n\r\n<span style=\"color: #ffffff;\"><strong>8. REPAS &amp; PAUSES<\/strong><\/span>\r\n\r\n<span style=\"color: #ffffff;\">Les coworkers qui souhaitent d\u00e9jeuner sur place prendront leurs repas dans la cuisine, situ\u00e9e dans l\u2019espace d\u00e9tente, et s\u2019assureront de la laisser propre apr\u00e8s utilisation. Tasses, verres, couverts et assiettes d\u2019une part, et cafeti\u00e8re, th\u00e9i\u00e8re, micro-ondes, frigidaires d\u2019autre part, sont mis \u00e0 disposition des coworkers. Ces derniers s\u2019engagent \u00e0 les nettoyer et les ranger, le cas \u00e9ch\u00e9ant, apr\u00e8s utilisation.<\/span>\r\n\r\n<span style=\"color: #ffffff;\"><strong>9. CONSOMMABLES<\/strong><\/span>\r\n\r\n<span style=\"color: #ffffff;\">Les consommables (th\u00e9, caf\u00e9, tisane, sucre, etc.) sont mis \u00e0 disposition par LA VERRI\u00c8RE. Ils sont \u00e0 consommer sur place, et de fa\u00e7on raisonnable.\u00a0Les d\u00e9chets issus de ces usages sont \u00e0 trier comme les autres, suivant leur destination.<\/span>\r\n\r\n<span style=\"color: #ffffff;\"><strong>10. NOURRITURE, BOISSON, ALCOOL<\/strong><\/span>\r\n\r\n<span style=\"color: #ffffff;\">Pour conserver un \u00e9tat de propret\u00e9 maximal de l\u2019espace de coworking, il est recommand\u00e9 de manger dans l\u2019espace de d\u00e9tente, plut\u00f4t qu\u2019aux postes de travail. La consommation de boisson est accept\u00e9e aux postes de travail en prenant bien garde de ne pas mettre en p\u00e9ril les \u00e9quipements \u00e9lectriques pr\u00e9sents.<\/span>\r\n\r\n<span style=\"color: #ffffff;\">La consommation d\u2019alcool est interdite en dehors des manifestations et animations organis\u00e9es par le coworking.<\/span>\r\n\r\n<span style=\"color: #ffffff;\">Ne pas manger ou d\u00e9poser de nourriture sur les tables des autres membres.<\/span>\r\n\r\n<span style=\"color: #ffffff;\">Un frigidaire est mis \u00e0 disposition des coworkers dans l\u2019espace cuisine. Veiller \u00e0 ne pas le saturer et \u00e0 n\u2019y laisser aucune nourriture avari\u00e9e ou vaisselle sale. Les \u00e9l\u00e9ments consid\u00e9r\u00e9s comme insalubres seront jet\u00e9s (y compris le contenant). Tous les vendredis, les frigidaires seront vid\u00e9s.<\/span>\r\n\r\n<span style=\"color: #ffffff;\"><strong>11. PERTE, VOL, D\u00c9G\u00c2TS<\/strong><\/span>\r\n\r\n<span style=\"color: #ffffff;\">Le mat\u00e9riel laiss\u00e9 dans les locaux est sous la responsabilit\u00e9 de son propri\u00e9taire. LA VERRI\u00c8RE d\u00e9cline toute responsabilit\u00e9 en cas de perte, vol, d\u00e9g\u00e2ts. Il est recommander aux membres de contacter une assurance vol simple, valable hors du domicile.<\/span>\r\n\r\n<span style=\"color: #ffffff;\"><strong>12. DOMICILIATION<\/strong><\/span>\r\n\r\n<span style=\"color: #ffffff;\">Il est interdit d\u2019utiliser l\u2019adresse postale du Coworking sur un support de communication (par exemple sur son site internet), \u00e0 moins bien \u00e9videmment de disposer d\u2019un contrat de domiciliation commerciale avec LA VERRI\u00c8RE &#8211; ORIGAMI PRODUCTIONS. N\u00e9anmoins, pour communiquer l\u2019adresse de l\u2019espace de coworking, il est possible d\u2019utiliser la formulation suivante (sur son site internet, en pied de mail, etc.) : \u201cMe rencontrer \u00e0 l\u2019espace de coworking La Verri\u00e8re : 18, rue Am\u00e9d\u00e9e Pichot &#8211; 13200 Arles. Uniquement sur RDV\u201d<\/span>\r\n<h4><span style=\"color: #ffffff;\"><strong>ARTICLE 3 : RESPECT DES PERSONNES ET DES ESPACES<\/strong><\/span><\/h4>\r\n<span style=\"color: #ffffff;\"><strong>1. PROPRET\u00c9 &amp; RANGEMENT<\/strong><\/span>\r\n\r\n<span style=\"color: #ffffff;\">Le nettoyage des parties communes du b\u00e2timent est inclus dans les prestations. Toutefois, les coworkers sont invit\u00e9s \u00e0 respecter la propret\u00e9 de ces espaces notamment en laissant les parties communes (entr\u00e9e, espace d\u00e9tente, cuisine partag\u00e9e, sanitaires et douche), les espaces de travail ou de r\u00e9union et les bureaux propres, rang\u00e9s et pr\u00eats \u00e0 l\u2019usage apr\u00e8s chaque utilisation.<\/span>\r\n\r\n<span style=\"color: #ffffff;\"><strong>2. T\u00c9L\u00c9PHONE, RDV, DISCUSSIONS<\/strong><\/span>\r\n\r\n<span style=\"color: #ffffff;\">Les coworkers s\u2019engagent \u00e0 rester le plus discrets possible au sein de l\u2019espace de coworking et \u00e0 maintenir une ambiance favorable \u00e0 la concentration des autres coworkers : ils font donc en sorte de privil\u00e9gier les t\u00e9l\u00e9phones en mode \u00ab discret \u00bb, les appels t\u00e9l\u00e9phoniques \u00e0 l\u2019ext\u00e9rieur de l\u2019open space ; et, d\u2019une mani\u00e8re g\u00e9n\u00e9rale, ils s\u2019efforcent de respecter un certain niveau sonore.<\/span>\r\n\r\n<span style=\"color: #ffffff;\">Si le volume sonore des appels t\u00e9l\u00e9phoniques d\u2019un autre membre est d\u00e9rangeant, le lui signaler poliment; \u00eatre attentif aux autres lorsqu\u2019on est soi-m\u00eame au t\u00e9l\u00e9phone.<\/span>\r\n\r\n<span style=\"color: #ffffff;\">Utiliser des \u00e9couteurs pour \u00e9couter de la musique ainsi que vos vid\u00e9os.<\/span>\r\n\r\n<span style=\"color: #ffffff;\"><strong>3. RESPECT DU MAT\u00c9RIEL<\/strong><\/span>\r\n\r\n<span style=\"color: #ffffff;\">Les coworkers s\u2019engagent \u00e0 respecter la propret\u00e9 et le bon \u00e9tat de fonctionnement du mat\u00e9riel mis \u00e0 disposition (mobilier, \u00e9quipements\u2026) et \u00e0 signaler tout incident, ou toute anomalie dans le fonctionnement des machines et du mat\u00e9riel.<\/span>\r\n\r\n<span style=\"color: #ffffff;\"><strong>4. CIGARETTE ET E-CIGARETTE<\/strong><\/span>\r\n\r\n<span style=\"color: #ffffff;\">L\u2019espace de coworking, tout comme l\u2019ensemble du b\u00e2timent, est enti\u00e8rement non-fumeur.<\/span>\r\n\r\n<span style=\"color: #ffffff;\"><strong>5. MESURES COVID 19<\/strong><\/span>\r\n\r\n<span style=\"color: #ffffff;\">Il est demand\u00e9 aux coworkers de respecter les mesures suivantes\u00a0:<\/span>\r\n<ul>\r\n \t<li><span style=\"color: #ffffff;\">port du masque obligatoire dans les locaux<\/span><\/li>\r\n \t<li><span style=\"color: #ffffff;\">d\u00e9sinfection des mains \u00e0 l\u2019arriv\u00e9e et apr\u00e8s chaque rencontre et de mani\u00e8re r\u00e9guli\u00e8re<\/span><\/li>\r\n \t<li><span style=\"color: #ffffff;\">exiger des visiteurs ces m\u00eames obligations \u00e0 leur arriv\u00e9e<\/span><\/li>\r\n \t<li><span style=\"color: #ffffff;\">d\u00e9sinfection de la place assise apr\u00e8s utilisation dans un lieu commun (ex\u00a0: espace d\u00e9tente, poste en open space, salle de r\u00e9union)<\/span><\/li>\r\n<\/ul>\r\n<h4><span style=\"color: #ffffff;\"><strong>ARTICLE 4 : \u00c9CORESPONSABILIT\u00c9<\/strong><\/span><\/h4>\r\n<span style=\"color: #ffffff;\">LA VERRI\u00c8RE invite ses coworkers \u00e0 porter une attention particuli\u00e8re aux points suivants\u00a0:<\/span>\r\n<ul>\r\n \t<li><span style=\"color: #ffffff;\">Tri des d\u00e9chets<\/span>\r\n<ul>\r\n \t<li><span style=\"color: #ffffff;\">Utiliser les diff\u00e9rentes poubelles mises \u00e0 disposition afin de respecter le tri (papier\/carton\/plastique)<\/span><\/li>\r\n \t<li><span style=\"color: #ffffff;\">Tenter l\u2019objectif \u00ab\u00a0mini d\u00e9chets\u00a0\u00bb (en produisant le moins de d\u00e9chets possible)<\/span><\/li>\r\n<\/ul>\r\n<\/li>\r\n \t<li><span style=\"color: #ffffff;\">R\u00e9duction de la consommation de papier<\/span>\r\n<ul>\r\n \t<li><span style=\"color: #ffffff;\">Privil\u00e9gier les envois num\u00e9riques lorsque cela est possible<\/span><\/li>\r\n \t<li><span style=\"color: #ffffff;\">N\u2019imprimer que les documents indispensables<\/span><\/li>\r\n \t<li><span style=\"color: #ffffff;\">Privil\u00e9gier les impressions en recto\/verso et en noir et blanc<\/span><\/li>\r\n<\/ul>\r\n<\/li>\r\n \t<li><span style=\"color: #ffffff;\">R\u00e9duction de la consommation \u00e9lectrique<\/span>\r\n<ul>\r\n \t<li><span style=\"color: #ffffff;\">Eteindre la lumi\u00e8re, et la climatisation dans les bureau et salles de r\u00e9union lorsqu\u2019ils ne sont pas utilis\u00e9s<\/span><\/li>\r\n \t<li><span style=\"color: #ffffff;\">Eteindre la lumi\u00e8re et la climatisation des pi\u00e8ces communes \u00e0 la fermeture du coworking<\/span><\/li>\r\n<\/ul>\r\n<\/li>\r\n \t<li><span style=\"color: #ffffff;\">R\u00e9duction de la consommation d\u2019eau<\/span>\r\n<ul>\r\n \t<li><span style=\"color: #ffffff;\">Utiliser les chasses d\u2019eau \u00e0 petit d\u00e9bit lorsque cela est possible<\/span><\/li>\r\n \t<li><span style=\"color: #ffffff;\">Utiliser de l\u2019eau froide pour se laver les mains<\/span><\/li>\r\n \t<li><span style=\"color: #ffffff;\">Ne pas laisser couler inutilement le robinet<\/span><\/li>\r\n<\/ul>\r\n<\/li>\r\n \t<li><span style=\"color: #ffffff;\">D\u00e9placements doux<\/span>\r\n<ul>\r\n \t<li><span style=\"color: #ffffff;\">Penser aux d\u00e9placements doux\u00a0: transport en commun, covoiture, v\u00e9lo, \u2026<\/span><\/li>\r\n<\/ul>\r\n<\/li>\r\n<\/ul>\r\n<h4><span style=\"color: #ffffff;\"><strong>ARTICLE 5 : ENTR\u00c9E EN APPLICATION<\/strong><\/span><\/h4>\r\n<span style=\"color: #ffffff;\">Ce r\u00e8glement entre en application le 1er juin 2021, copie remise \u00e0 toute personne utilisant les locaux du Coworking.<\/span>[\/vc_column_text][\/vc_column][vc_column][\/vc_column][\/vc_row]","protected":false},"excerpt":{"rendered":"<p>[vc_row css=\u00a0\u00bb.vc_custom_1623244986556{background-color: #007580 !important;}\u00a0\u00bb][vc_column][vc_column_text] R\u00c8GLEMENT INT\u00c9RIEUR [\/vc_column_text][\/vc_column][\/vc_row][vc_row css=\u00a0\u00bb.vc_custom_1623244993193{background-color: #007580 !important;}\u00a0\u00bb][vc_column][vc_column_text] ARTICLE 1 : ACCEPTATION PR\u00c9ALABLE Le pr\u00e9sent r\u00e8glement d\u00e9finit les modalit\u00e9s selon lesquelles, l\u2019espace de coworking LA VERRI\u00c8RE\u00a0 met \u00e0 disposition des coworkers un espace de travail partag\u00e9 ainsi que des services associ\u00e9s. L\u2019acc\u00e8s \u00e0 l\u2019espace de coworking et son usage impliquent l\u2019acceptation pleine et [&hellip;]<\/p>\n","protected":false},"author":1,"featured_media":0,"parent":0,"menu_order":0,"comment_status":"closed","ping_status":"closed","template":"","meta":[],"yoast_head":"<!-- This site is optimized with the Yoast SEO plugin v16.4 - https:\/\/yoast.com\/wordpress\/plugins\/seo\/ -->\n<title>R\u00e8glement int\u00e9rieur de l&#039;espace de co-working La Verri\u00e8re - Arles<\/title>\n<meta name=\"description\" content=\"R\u00e8glement int\u00e9rieur de l&#039;espace de co-working La Verri\u00e8re - Arles\" \/>\n<meta name=\"robots\" content=\"index, follow, max-snippet:-1, max-image-preview:large, max-video-preview:-1\" \/>\n<link rel=\"canonical\" href=\"https:\/\/la-verriere-arles.com\/index.php\/reglement-interieur-de-lespace-de-co-working-la-verriere-arles\/\" \/>\n<meta property=\"og:locale\" content=\"fr_FR\" \/>\n<meta property=\"og:type\" content=\"article\" \/>\n<meta property=\"og:title\" content=\"R\u00e8glement int\u00e9rieur de l&#039;espace de co-working La Verri\u00e8re - Arles\" \/>\n<meta property=\"og:description\" content=\"R\u00e8glement int\u00e9rieur de l&#039;espace de co-working La Verri\u00e8re - Arles\" \/>\n<meta property=\"og:url\" content=\"https:\/\/la-verriere-arles.com\/index.php\/reglement-interieur-de-lespace-de-co-working-la-verriere-arles\/\" \/>\n<meta property=\"og:site_name\" content=\"La Verriere\" \/>\n<meta property=\"article:modified_time\" content=\"2021-06-09T14:02:56+00:00\" \/>\n<meta name=\"twitter:card\" content=\"summary_large_image\" \/>\n<meta name=\"twitter:label1\" content=\"Dur\u00e9e de lecture est.\" \/>\n\t<meta name=\"twitter:data1\" content=\"8 minutes\" \/>\n<script type=\"application\/ld+json\" class=\"yoast-schema-graph\">{\"@context\":\"https:\/\/schema.org\",\"@graph\":[{\"@type\":\"WebSite\",\"@id\":\"https:\/\/la-verriere-arles.com\/#website\",\"url\":\"https:\/\/la-verriere-arles.com\/\",\"name\":\"La Verriere\",\"description\":\"Espace de coworking sur Arles\",\"potentialAction\":[{\"@type\":\"SearchAction\",\"target\":\"https:\/\/la-verriere-arles.com\/?s={search_term_string}\",\"query-input\":\"required name=search_term_string\"}],\"inLanguage\":\"fr-FR\"},{\"@type\":\"WebPage\",\"@id\":\"https:\/\/la-verriere-arles.com\/index.php\/reglement-interieur-de-lespace-de-co-working-la-verriere-arles\/#webpage\",\"url\":\"https:\/\/la-verriere-arles.com\/index.php\/reglement-interieur-de-lespace-de-co-working-la-verriere-arles\/\",\"name\":\"R\\u00e8glement int\\u00e9rieur de l'espace de co-working La Verri\\u00e8re - Arles\",\"isPartOf\":{\"@id\":\"https:\/\/la-verriere-arles.com\/#website\"},\"datePublished\":\"2021-06-09T11:50:03+00:00\",\"dateModified\":\"2021-06-09T14:02:56+00:00\",\"description\":\"R\\u00e8glement int\\u00e9rieur de l'espace de co-working La Verri\\u00e8re - Arles\",\"breadcrumb\":{\"@id\":\"https:\/\/la-verriere-arles.com\/index.php\/reglement-interieur-de-lespace-de-co-working-la-verriere-arles\/#breadcrumb\"},\"inLanguage\":\"fr-FR\",\"potentialAction\":[{\"@type\":\"ReadAction\",\"target\":[\"https:\/\/la-verriere-arles.com\/index.php\/reglement-interieur-de-lespace-de-co-working-la-verriere-arles\/\"]}]},{\"@type\":\"BreadcrumbList\",\"@id\":\"https:\/\/la-verriere-arles.com\/index.php\/reglement-interieur-de-lespace-de-co-working-la-verriere-arles\/#breadcrumb\",\"itemListElement\":[{\"@type\":\"ListItem\",\"position\":1,\"item\":{\"@type\":\"WebPage\",\"@id\":\"https:\/\/la-verriere-arles.com\/\",\"url\":\"https:\/\/la-verriere-arles.com\/\",\"name\":\"Accueil\"}},{\"@type\":\"ListItem\",\"position\":2,\"item\":{\"@id\":\"https:\/\/la-verriere-arles.com\/index.php\/reglement-interieur-de-lespace-de-co-working-la-verriere-arles\/#webpage\"}}]}]}<\/script>\n<!-- \/ Yoast SEO plugin. -->","cmb2":{"uhe_rest_metabox":{"uhe_rest_text":""}},"_links":{"self":[{"href":"https:\/\/la-verriere-arles.com\/index.php\/wp-json\/wp\/v2\/pages\/253"}],"collection":[{"href":"https:\/\/la-verriere-arles.com\/index.php\/wp-json\/wp\/v2\/pages"}],"about":[{"href":"https:\/\/la-verriere-arles.com\/index.php\/wp-json\/wp\/v2\/types\/page"}],"author":[{"embeddable":true,"href":"https:\/\/la-verriere-arles.com\/index.php\/wp-json\/wp\/v2\/users\/1"}],"replies":[{"embeddable":true,"href":"https:\/\/la-verriere-arles.com\/index.php\/wp-json\/wp\/v2\/comments?post=253"}],"version-history":[{"count":10,"href":"https:\/\/la-verriere-arles.com\/index.php\/wp-json\/wp\/v2\/pages\/253\/revisions"}],"predecessor-version":[{"id":255,"href":"https:\/\/la-verriere-arles.com\/index.php\/wp-json\/wp\/v2\/pages\/253\/revisions\/255"}],"wp:attachment":[{"href":"https:\/\/la-verriere-arles.com\/index.php\/wp-json\/wp\/v2\/media?parent=253"}],"curies":[{"name":"wp","href":"https:\/\/api.w.org\/{rel}","templated":true}]}}