{"id":301,"date":"2021-06-09T16:07:18","date_gmt":"2021-06-09T14:07:18","guid":{"rendered":"http:\/\/la-verriere-arles.com\/?page_id=301"},"modified":"2021-06-09T16:43:23","modified_gmt":"2021-06-09T14:43:23","slug":"politique-de-confidentialite-la-verriere-arles","status":"publish","type":"page","link":"https:\/\/la-verriere-arles.com\/index.php\/politique-de-confidentialite-la-verriere-arles\/","title":{"rendered":"Politique de confidentialit\u00e9"},"content":{"rendered":"[vc_row css=\u00a0\u00bb.vc_custom_1623247636268{background-color: #007580 !important;}\u00a0\u00bb][vc_column][vc_column_text]\r\n<h2 style=\"text-align: center;\"><span style=\"color: #ffcd00;\"><strong>POLITIQUE DE CONFIDENTIALIT\u00c9<\/strong><\/span><\/h2>\r\n[\/vc_column_text][vc_column_text css=\u00a0\u00bb.vc_custom_1623249800010{padding-top: 50px !important;}\u00a0\u00bb]\r\n<h4><span style=\"color: #ffffff;\"><b>Qui sommes-nous ?<\/b><\/span><\/h4>\r\n<span style=\"color: #ffffff;\">Le <strong>Groupe ILMJ<\/strong> est une Holding compos\u00e9e de 3 structures, <strong>Les Licornes Barbues<\/strong>, <strong>Origami Productions<\/strong> et <strong>La Premi\u00e8re Impression<\/strong>, ayant respectivement des comp\u00e9tences compl\u00e9mentaires sp\u00e9cialis\u00e9es dans les supports de communication, le graphisme, la reprographie, l\u2019impression, la vid\u00e9o, la photographie, l\u2019illustration\u2026.<\/span>\r\n\r\n&nbsp;\r\n<h4><span style=\"color: #ffffff;\"><b>Politique de protection des donn\u00e9es \u00e0 caract\u00e8re personnel<\/b><\/span><\/h4>\r\n<span style=\"color: #ffffff;\">La pr\u00e9sente \u00ab Politique de Protection des Donn\u00e9es Personnelles \u00bb a pour objet de vous informer sur la mani\u00e8re dont nous collectons et utilisons vos donn\u00e9es et sur les moyens dont vous disposez pour contr\u00f4ler cette utilisation.<\/span>\r\n<span style=\"color: #ffffff;\">La protection de vos donn\u00e9es personnelles rev\u00eat une grande importance pour nous.<\/span>\r\n<span style=\"color: #ffffff;\">Engag\u00e9s dans une d\u00e9marche continue de protection des donn\u00e9es personnelles de nos clients, m\u00eame potentiels, nous tenons \u00e0 adopter une attitude ouverte et transparente dans le cadre de leur traitement.<\/span>\r\n\r\n&nbsp;\r\n<h4><span style=\"color: #ffffff;\"><b>Quelques d\u00e9finitions :<\/b><\/span><\/h4>\r\n<span style=\"color: #ffffff;\">Le terme \u00ab\u00a0<b>donn\u00e9es \u00e0 caract\u00e8re personnel \u00bb<\/b>\u00a0recouvre toute information se rapportant \u00e0 une personne physique identifi\u00e9e ou identifiable (ci-apr\u00e8s d\u00e9nomm\u00e9e \u00ab<b>personne concern\u00e9e<\/b>\u00bb) ;<\/span>\r\n<span style=\"color: #ffffff;\">Constitue un \u00ab<b>traitement<\/b>\u00bb toute op\u00e9ration ou tout ensemble d\u2019op\u00e9rations et appliqu\u00e9es \u00e0 des donn\u00e9es ou des ensembles de donn\u00e9es \u00e0 caract\u00e8re personnel, telles que la collecte, l\u2019enregistrement, l\u2019organisation, la structuration, la conservation, l\u2019adaptation ou la modification, l\u2019extraction, la consultation, l\u2019utilisation, la communication par transmission, la diffusion ou toute autre forme de mise \u00e0 disposition, le rapprochement ou l\u2019interconnexion, la limitation, l\u2019effacement ou la destruction;<\/span>\r\n\r\n<span style=\"color: #ffffff;\">Le terme \u00ab\u00a0<b>responsable du traitement<\/b>\u00a0\u00bb d\u00e9signe la personne physique ou morale qui, seule ou conjointement avec d\u2019autres, d\u00e9termine les finalit\u00e9s et les moyens du traitement ;<\/span>\r\n<span style=\"color: #ffffff;\">Le responsable du traitement de vos donn\u00e9es \u00e0 caract\u00e8re personnel est le Groupe ILMJ.<\/span>\r\n\r\n<span style=\"color: #ffffff;\">Le groupe se situe\u00a0: rue Am\u00e9d\u00e9e Pichot 13200 Arles.<\/span>\r\n\r\n&nbsp;\r\n<h4><span style=\"color: #ffffff;\"><b>Finalit\u00e9s et fondements juridiques des traitements :<\/b><\/span><\/h4>\r\n<span style=\"color: #ffffff;\">Vos donn\u00e9es personnelles sont recueillies et utilis\u00e9es pour les\u00a0<b>finalit\u00e9s<\/b>\u00a0suivantes :<\/span>\r\n<span style=\"color: #ffffff;\">\u2013\u00a0R\u00e9pondre aux \u00e9tudes demand\u00e9es (y compris via nos sites) pour vous proposer nos devis de prestations (graphisme, impressions de documents, num\u00e9risation de dossiers, reproductions de dossiers papiers, illustrations, cr\u00e9ations de photos, vid\u00e9os \u2026)<\/span>\r\n<span style=\"color: #ffffff;\">\u2013 La bonne r\u00e9alisation de nos services et prestations.<\/span>\r\n<span style=\"color: #ffffff;\">\u2013\u00a0La prospection commerciale.<\/span>\r\n\r\n<span style=\"color: #ffffff;\">Les traitements r\u00e9alis\u00e9s par le groupe peuvent reposer sur la base de l\u2019un ou l\u2019autre de ces\u00a0<b>fondements juridiques\u00a0<\/b>suivants :<\/span>\r\n<span style=\"color: #ffffff;\">\u2013 Votre consentement pr\u00e9alable.<\/span>\r\n<span style=\"color: #ffffff;\">\u2013 Notre relation contractuelle ou la mise en place de mesures pr\u00e9contractuelles \u00e0 votre demande.<\/span>\r\n<span style=\"color: #ffffff;\">\u2013 N\u00e9cessaires \u00e0 nos int\u00e9r\u00eats l\u00e9gitimes de notre soci\u00e9t\u00e9.<\/span>\r\n<span style=\"color: #ffffff;\">\u2013\u00a0N\u00e9cessaires contrats.<\/span>\r\n<span style=\"color: #ffffff;\">\u2013\u00a0Des obligations l\u00e9gales applicables \u00e0 notre activit\u00e9.<\/span>\r\n\r\n&nbsp;\r\n<h4><span style=\"color: #ffffff;\"><b>Cat\u00e9gories de donn\u00e9es personnelles :<\/b><\/span><\/h4>\r\n<span style=\"color: #ffffff;\">Le Groupe ILMJ prend soin de ne collecter que les donn\u00e9es ad\u00e9quates, pertinentes et strictement n\u00e9cessaires \u00e0 la finalit\u00e9 du traitement, conform\u00e9ment au principe de\u00a0<b>minimisation<\/b>\u00a0des donn\u00e9es.<\/span>\r\n<span style=\"color: #ffffff;\">Les informations collect\u00e9es par nous, sont indispensables pour pouvoir vous proposer des solutions pertinentes et adapt\u00e9es \u00e0 vos besoins.<\/span>\r\n<span style=\"color: #ffffff;\">Les donn\u00e9es recueillies et collect\u00e9es sont notamment des donn\u00e9es relatives:<\/span>\r\n<span style=\"color: #ffffff;\">\u2013 \u00e0 votre \u00e9tat civil (ex : nom, pr\u00e9nom)<\/span>\r\n<span style=\"color: #ffffff;\">\u2013 \u00e0 vos coordonn\u00e9es (ex : adresse postale ou \u00e9lectronique, num\u00e9ro de t\u00e9l\u00e9phone\u2026)<\/span>\r\n<span style=\"color: #ffffff;\">\u2013 \u00e0 des informations d\u2019ordre financier ou \u00e9conomique<\/span>\r\n<span style=\"color: #ffffff;\">\u2013\u00a0\u00e0 des donn\u00e9es relatives \u00e0 la r\u00e9alisation des travaux (ex\u00a0: plans d\u2019architectes\u2026)<\/span>\r\n\r\n<span style=\"color: #ffffff;\">Le Groupe ILMJ ne collecte pas et ne traite pas des donn\u00e9es \u00e0 caract\u00e8re personnel qui r\u00e9v\u00e8lent votre origine raciale ou ethnique, vos opinions politiques, vos convictions religieuses ou philosophiques ou votre appartenance syndicale, ni des donn\u00e9es g\u00e9n\u00e9tiques, biom\u00e9triques ou concernant votre sant\u00e9, votre vie sexuelle ou votre orientation sexuelle.<\/span>\r\n\r\n&nbsp;\r\n<h4><span style=\"color: #ffffff;\"><b>Dur\u00e9e de conservation :<\/b><\/span><\/h4>\r\n<span style=\"color: #ffffff;\">Les donn\u00e9es \u00e0 caract\u00e8re personnel de nos clients, sont actualis\u00e9es, avec vote consentement, annuellement, par messagerie \u00e9lectronique dans le cadre de notre dispositif de relation client ou d\u2019une campagne d\u2019information.<\/span>\r\n<span style=\"color: #ffffff;\">Si nous r\u00e9alisons un projet (graphisme, impression, num\u00e9risation, reprographie, vid\u00e9o, photos, illustration\u2026), vos donn\u00e9es sont conserv\u00e9es, \u00e0 compter de la facturation, pendant une dur\u00e9e de 20 ans maximum, afin de conserver une tra\u00e7abilit\u00e9 des r\u00e9f\u00e9rences, pour un compl\u00e9ment de projet \u00e9ventuel (qualit\u00e9 de service rendu au client).<\/span>\r\n<span style=\"color: #ffffff;\">Sur nos sites : aucune donn\u00e9e personnelle n\u2019est collect\u00e9e \u00e0 ce jour.<\/span>\r\n\r\n&nbsp;\r\n<h4><span style=\"color: #ffffff;\"><b>Destinataires des donn\u00e9es personnelles<\/b><\/span><\/h4>\r\n<span style=\"color: #ffffff;\">Peuvent \u00eatre destinataires de vos donn\u00e9es personnelles :<\/span>\r\n<span style=\"color: #ffffff;\">\u2013 le personnel habilit\u00e9 du Groupe ILMJ et ses sous-traitants<\/span>\r\n<span style=\"color: #ffffff;\">\u2013 nos partenaires bancaires<\/span>\r\n<span style=\"color: #ffffff;\">Le Groupe ILMJ s\u2019engage \u00e0 ne transmettre vos donn\u00e9es personnelles qu\u2019\u00e0 des partenaires qui ont mis en \u0153uvre les mesures techniques et organisationnelles destin\u00e9es \u00e0 garantir la s\u00e9curit\u00e9 et la confidentialit\u00e9 de vos donn\u00e9es personnelles.<\/span>\r\n\r\n&nbsp;\r\n<h4><span style=\"color: #ffffff;\"><b>Vos droits et comment les exercer :<\/b><\/span><\/h4>\r\n<span style=\"color: #ffffff;\">Conform\u00e9ment \u00e0 la l\u00e9gislation applicable en mati\u00e8re de protection des donn\u00e9es \u00e0 caract\u00e8re personnel, vous disposez d\u2019un certain nombre de droits concernant la collecte et le traitement de vos donn\u00e9es personnelles, \u00e0 savoir :<\/span>\r\n<span style=\"color: #ffffff;\">\u2013\u00a0<b>Le droit d\u2019\u00eatre inform\u00e9<\/b>\u00a0: Vous avez le droit d\u2019\u00eatre inform\u00e9 d\u2019une fa\u00e7on concise, transparente, compr\u00e9hensible et ais\u00e9ment accessible de la mani\u00e8re dont vos donn\u00e9es personnelles sont trait\u00e9es.<\/span>\r\n<span style=\"color: #ffffff;\">\u2013\u00a0<b>Le droit d\u2019acc\u00e8s<\/b>\u00a0: Vous avez le droit d\u2019obtenir la confirmation que vos donn\u00e9es personnelles sont ou ne sont pas trait\u00e9es et, lorsqu\u2019elles le sont, d\u2019obtenir l\u2019acc\u00e8s auxdites donn\u00e9es et une copie de ces derni\u00e8res.<\/span>\r\n<span style=\"color: #ffffff;\">\u2013\u00a0<b>Le droit de rectification<\/b>\u00a0: Vous avez le droit d\u2019obtenir la rectification des donn\u00e9es personnelles vous concernant qui sont inexactes. Vous avez \u00e9galement le droit d\u2019obtenir que les donn\u00e9es personnelles incompl\u00e8tes soient compl\u00e9t\u00e9es, y compris en fournissant une d\u00e9claration compl\u00e9mentaire.<\/span>\r\n<span style=\"color: #ffffff;\">\u2013\u00a0<b>Le droit \u00e0 l\u2019effacement<\/b>\u00a0: Dans certains cas, vous avez le droit d\u2019obtenir l\u2019effacement de vos donn\u00e9es \u00e0 caract\u00e8re personnel. Ce droit n\u2019est cependant pas un droit absolu et le Groupe ILMJ peut avoir des raisons l\u00e9gales ou l\u00e9gitimes de conserver lesdites donn\u00e9es.<\/span>\r\n<span style=\"color: #ffffff;\">\u2013\u00a0<b>Le droit \u00e0 la limitation du traitement<\/b>\u00a0: Dans certains cas, vous avez le droit d\u2019obtenir la limitation du traitement de vos donn\u00e9es \u00e0 caract\u00e8re personnel.<\/span>\r\n<span style=\"color: #ffffff;\">\u2013 <b>Le droit \u00e0 la portabilit\u00e9<\/b>\u00a0: Vous avez le droit de recevoir les donn\u00e9es personnelles vous concernant que vous nous avez fournies, dans un format structur\u00e9, couramment utilis\u00e9 et lisible par machine, et transmettre ces donn\u00e9es \u00e0 un autre responsable de traitement sans que le Groupe ILMJ puisse y faire obstacle. Ce droit ne s\u2019applique que lorsque le traitement de vos donn\u00e9es personnelles est fond\u00e9 sur votre consentement ou sur l\u2019ex\u00e9cution d\u2019un contrat et que ledit traitement est effectu\u00e9 \u00e0 l\u2019aide de proc\u00e9d\u00e9s automatis\u00e9s.<\/span>\r\n<span style=\"color: #ffffff;\">\u2013 <b>Le droit d\u2019opposition<\/b>\u00a0: Vous avez le droit de vous opposer \u00e0 tout moment, pour des raisons tenant \u00e0 votre situation particuli\u00e8re, \u00e0 un traitement de donn\u00e9es personnelles vous concernant lorsque ledit traitement est bas\u00e9 sur l\u2019int\u00e9r\u00eat l\u00e9gitime du Groupe ILMJ. Le Groupe ILMJ peut cependant invoquer des motifs l\u00e9gitimes et imp\u00e9rieux n\u00e9cessitant la poursuite du traitement. Lorsque vos donn\u00e9es personnelles sont trait\u00e9es \u00e0 des fins de prospection, vous avez le droit de vous opposer \u00e0 tout moment au traitement de ces donn\u00e9es. Vous pouvez notamment b\u00e9n\u00e9ficier de ce droit en cliquant sur le lien \u00ab se d\u00e9sinscrire \u00bb disponible en bas des messages re\u00e7us.<\/span>\r\n<span style=\"color: #ffffff;\">\u2013\u00a0<b>Le droit d\u2019introduire une r\u00e9clamation aupr\u00e8s d\u2019une autorit\u00e9 de contr\u00f4le<\/b>\u00a0: Vous avez le droit de contacter une autorit\u00e9 de contr\u00f4le, la CNIL (Commission Nationale de l\u2019Informatique et des Libert\u00e9s) en FRANCE, \u00e0 l\u2019adresse suivante : 3, Place de Fontenoy \u2013 TSA 80715 \u2013 75334 PARIS CEDEX 07.<\/span>\r\n\r\n<span style=\"color: #ffffff;\">Pour exercer ces droits, vous pouvez adresser votre demande accompagn\u00e9e d\u2019un justificatif d\u2019identit\u00e9 au d\u00e9l\u00e9gu\u00e9 \u00e0 la protection des donn\u00e9es d\u00e9sign\u00e9 par Le Groupe ILMJ:<\/span>\r\n<span style=\"color: #ffffff;\">\u2013 par voie postale \u00e0 : Groupe ILMJ \u2013 18 rue Am\u00e9d\u00e9e PICHOT \u2013 13200 ARLES<\/span>\r\n<span style=\"color: #ffffff;\">\u2013 par courrier \u00e9lectronique \u00e0\u00a0<u>justine@groupeilmj.com<\/u><\/span>\r\n\r\n<span style=\"color: #ffffff;\">Le Groupe ILMJ s\u2019engage \u00e0 r\u00e9pondre \u00e0 votre demande dans les meilleurs d\u00e9lais et en tout \u00e9tat de cause, dans le d\u00e9lai d\u2019un mois \u00e0 compter de la r\u00e9ception de votre demande. Ce d\u00e9lai peut \u00eatre prolong\u00e9 de deux mois, compte tenu de la complexit\u00e9 et du nombre de demandes. Dans ce cas, le Groupe ILMJ s\u2019engage \u00e0 vous informer de cette prolongation et des motifs du report dans le d\u00e9lai d\u2019un mois \u00e0 compter de la r\u00e9ception de votre demande.<\/span>\r\n<span style=\"color: #ffffff;\">Si vous ne souhaitez pas faire l\u2019objet de prospection commerciale par t\u00e9l\u00e9phone de la part des soci\u00e9t\u00e9s dont vous n\u2019\u00eates pas client, vous pouvez vous inscrire gratuitement sur la liste d\u2019opposition au d\u00e9marchage t\u00e9l\u00e9phonique sur le site\u00a0<strong>www.bloctel.gouv.fr<\/strong><\/span>\r\n<h4><span style=\"color: #ffffff;\"><b>S\u00e9curit\u00e9 :<\/b><\/span><\/h4>\r\n<span style=\"color: #ffffff;\">Le Groupe ILMJ s\u2019engage \u00e0 mettre en \u0153uvre les mesures d\u2019ordre technique et organisationnel appropri\u00e9es afin de garantir la s\u00e9curit\u00e9 et la confidentialit\u00e9 de vos donn\u00e9es personnelles.<\/span>\r\n<span style=\"color: #ffffff;\">Le respect de la s\u00e9curit\u00e9 et de la protection de vos donn\u00e9es s\u2019impose \u00e0 l\u2019ensemble de nos collaborateurs, ainsi qu\u2019\u00e0 nos partenaires et sous-traitants.<\/span>\r\n\r\n&nbsp;\r\n\r\n<a href=\"https:\/\/groupeilmj.com\/\"><img loading=\"lazy\" class=\"aligncenter size-medium wp-image-1190\" src=\"https:\/\/leslicornesbarbues.com\/wp-content\/uploads\/2021\/03\/Logo-accueil-ILMJ-dark-300x200.png\" alt=\"\" width=\"300\" height=\"200\" \/><\/a>[\/vc_column_text][\/vc_column][\/vc_row]","protected":false},"excerpt":{"rendered":"<p>[vc_row css=\u00a0\u00bb.vc_custom_1623247636268{background-color: #007580 !important;}\u00a0\u00bb][vc_column][vc_column_text] POLITIQUE DE CONFIDENTIALIT\u00c9 [\/vc_column_text][vc_column_text css=\u00a0\u00bb.vc_custom_1623249800010{padding-top: 50px !important;}\u00a0\u00bb] Qui sommes-nous ? Le Groupe ILMJ est une Holding compos\u00e9e de 3 structures, Les Licornes Barbues, Origami Productions et La Premi\u00e8re Impression, ayant respectivement des comp\u00e9tences compl\u00e9mentaires sp\u00e9cialis\u00e9es dans les supports de communication, le graphisme, la reprographie, l\u2019impression, la vid\u00e9o, la photographie, l\u2019illustration\u2026. &nbsp; [&hellip;]<\/p>\n","protected":false},"author":1,"featured_media":0,"parent":0,"menu_order":0,"comment_status":"closed","ping_status":"closed","template":"","meta":[],"yoast_head":"<!-- This site is optimized with the Yoast SEO plugin v16.4 - https:\/\/yoast.com\/wordpress\/plugins\/seo\/ -->\n<title>Politique de confidentialit\u00e9 - La Verri\u00e8re Arles<\/title>\n<meta name=\"description\" content=\"Politique de confidentialit\u00e9 de l&#039;espace de co-working La Verri\u00e8re \u00e0 Arles (13200).\" \/>\n<meta name=\"robots\" content=\"index, follow, max-snippet:-1, max-image-preview:large, max-video-preview:-1\" \/>\n<link rel=\"canonical\" href=\"https:\/\/la-verriere-arles.com\/index.php\/politique-de-confidentialite-la-verriere-arles\/\" \/>\n<meta property=\"og:locale\" content=\"fr_FR\" \/>\n<meta property=\"og:type\" content=\"article\" \/>\n<meta property=\"og:title\" content=\"Politique de confidentialit\u00e9 - La Verri\u00e8re Arles\" \/>\n<meta property=\"og:description\" content=\"Politique de confidentialit\u00e9 de l&#039;espace de co-working La Verri\u00e8re \u00e0 Arles (13200).\" \/>\n<meta property=\"og:url\" content=\"https:\/\/la-verriere-arles.com\/index.php\/politique-de-confidentialite-la-verriere-arles\/\" \/>\n<meta property=\"og:site_name\" content=\"La Verriere\" \/>\n<meta property=\"article:modified_time\" content=\"2021-06-09T14:43:23+00:00\" \/>\n<meta property=\"og:image\" content=\"https:\/\/leslicornesbarbues.com\/wp-content\/uploads\/2021\/03\/Logo-accueil-ILMJ-dark-300x200.png\" \/>\n<meta name=\"twitter:card\" content=\"summary_large_image\" \/>\n<meta name=\"twitter:label1\" content=\"Dur\u00e9e de lecture est.\" \/>\n\t<meta name=\"twitter:data1\" content=\"7 minutes\" \/>\n<script type=\"application\/ld+json\" class=\"yoast-schema-graph\">{\"@context\":\"https:\/\/schema.org\",\"@graph\":[{\"@type\":\"WebSite\",\"@id\":\"https:\/\/la-verriere-arles.com\/#website\",\"url\":\"https:\/\/la-verriere-arles.com\/\",\"name\":\"La Verriere\",\"description\":\"Espace de coworking sur Arles\",\"potentialAction\":[{\"@type\":\"SearchAction\",\"target\":\"https:\/\/la-verriere-arles.com\/?s={search_term_string}\",\"query-input\":\"required name=search_term_string\"}],\"inLanguage\":\"fr-FR\"},{\"@type\":\"ImageObject\",\"@id\":\"https:\/\/la-verriere-arles.com\/index.php\/politique-de-confidentialite-la-verriere-arles\/#primaryimage\",\"inLanguage\":\"fr-FR\",\"url\":\"https:\/\/leslicornesbarbues.com\/wp-content\/uploads\/2021\/03\/Logo-accueil-ILMJ-dark-300x200.png\",\"contentUrl\":\"https:\/\/leslicornesbarbues.com\/wp-content\/uploads\/2021\/03\/Logo-accueil-ILMJ-dark-300x200.png\"},{\"@type\":\"WebPage\",\"@id\":\"https:\/\/la-verriere-arles.com\/index.php\/politique-de-confidentialite-la-verriere-arles\/#webpage\",\"url\":\"https:\/\/la-verriere-arles.com\/index.php\/politique-de-confidentialite-la-verriere-arles\/\",\"name\":\"Politique de confidentialit\\u00e9 - La Verri\\u00e8re Arles\",\"isPartOf\":{\"@id\":\"https:\/\/la-verriere-arles.com\/#website\"},\"primaryImageOfPage\":{\"@id\":\"https:\/\/la-verriere-arles.com\/index.php\/politique-de-confidentialite-la-verriere-arles\/#primaryimage\"},\"datePublished\":\"2021-06-09T14:07:18+00:00\",\"dateModified\":\"2021-06-09T14:43:23+00:00\",\"description\":\"Politique de confidentialit\\u00e9 de l'espace de co-working La Verri\\u00e8re \\u00e0 Arles (13200).\",\"breadcrumb\":{\"@id\":\"https:\/\/la-verriere-arles.com\/index.php\/politique-de-confidentialite-la-verriere-arles\/#breadcrumb\"},\"inLanguage\":\"fr-FR\",\"potentialAction\":[{\"@type\":\"ReadAction\",\"target\":[\"https:\/\/la-verriere-arles.com\/index.php\/politique-de-confidentialite-la-verriere-arles\/\"]}]},{\"@type\":\"BreadcrumbList\",\"@id\":\"https:\/\/la-verriere-arles.com\/index.php\/politique-de-confidentialite-la-verriere-arles\/#breadcrumb\",\"itemListElement\":[{\"@type\":\"ListItem\",\"position\":1,\"item\":{\"@type\":\"WebPage\",\"@id\":\"https:\/\/la-verriere-arles.com\/\",\"url\":\"https:\/\/la-verriere-arles.com\/\",\"name\":\"Accueil\"}},{\"@type\":\"ListItem\",\"position\":2,\"item\":{\"@id\":\"https:\/\/la-verriere-arles.com\/index.php\/politique-de-confidentialite-la-verriere-arles\/#webpage\"}}]}]}<\/script>\n<!-- \/ Yoast SEO plugin. -->","cmb2":{"uhe_rest_metabox":{"uhe_rest_text":""}},"_links":{"self":[{"href":"https:\/\/la-verriere-arles.com\/index.php\/wp-json\/wp\/v2\/pages\/301"}],"collection":[{"href":"https:\/\/la-verriere-arles.com\/index.php\/wp-json\/wp\/v2\/pages"}],"about":[{"href":"https:\/\/la-verriere-arles.com\/index.php\/wp-json\/wp\/v2\/types\/page"}],"author":[{"embeddable":true,"href":"https:\/\/la-verriere-arles.com\/index.php\/wp-json\/wp\/v2\/users\/1"}],"replies":[{"embeddable":true,"href":"https:\/\/la-verriere-arles.com\/index.php\/wp-json\/wp\/v2\/comments?post=301"}],"version-history":[{"count":8,"href":"https:\/\/la-verriere-arles.com\/index.php\/wp-json\/wp\/v2\/pages\/301\/revisions"}],"predecessor-version":[{"id":306,"href":"https:\/\/la-verriere-arles.com\/index.php\/wp-json\/wp\/v2\/pages\/301\/revisions\/306"}],"wp:attachment":[{"href":"https:\/\/la-verriere-arles.com\/index.php\/wp-json\/wp\/v2\/media?parent=301"}],"curies":[{"name":"wp","href":"https:\/\/api.w.org\/{rel}","templated":true}]}}